{"id":1513,"date":"2024-06-12T16:04:56","date_gmt":"2024-06-12T14:04:56","guid":{"rendered":"https:\/\/harsanyipinceszet.hu\/?page_id=1513"},"modified":"2024-06-12T16:07:53","modified_gmt":"2024-06-12T14:07:53","slug":"aszf","status":"publish","type":"page","link":"https:\/\/harsanyipinceszet.hu\/en\/aszf\/","title":{"rendered":"GTC"},"content":{"rendered":"<section class=\"bde-section-1513-102 bde-section\">\n  \n  \n\t\n\n\n\n<div class=\"section-container\"><h1 class=\"bde-heading-1513-103 bde-heading\">\nGTC\n<\/h1><\/div>\n<\/section><section class=\"bde-section-1513-100 bde-section\">\n  \n  \n\t\n\n\n\n<div class=\"section-container\"><div class=\"bde-rich-text-1513-101 bde-rich-text breakdance-rich-text-styles\">\n<h4>Hars\u00e1nyi Winery<\/h4>\n<p>K\u00f6sz\u00f6nj\u00fck, hogy \u00e9rdekl\u0151dik boraink ir\u00e1nt! K\u00e9rj\u00fck, amennyiben web\u00e1ruh\u00e1zunk v\u00e1s\u00e1rl\u00f3ja k\u00edv\u00e1n lenni, olvassa el figyelmesen a v\u00e1s\u00e1rl\u00e1sra vonatkoz\u00f3 r\u00e9szletes szab\u00e1lyainkat. V\u00e1s\u00e1rl\u00f3ink a web\u00e1ruh\u00e1z ny\u00fajtotta szolg\u00e1ltat\u00e1sok ig\u00e9nybev\u00e9tel\u00e9vel az \u00e1ltal\u00e1nos szerz\u0151d\u00e9si felt\u00e9telek rendelkez\u00e9seit k\u00f6telez\u0151 \u00e9rv\u00e9ny\u0171nek fogadj\u00e1k el magukra n\u00e9zve.<\/p>\n<p>Jelen dokumentum a\u00a0<strong><a href=\"https:\/\/harsanyipinceszet.hu\/en\/\">harsanyipinceszet.hu\/en<\/a><\/strong>\u00a0honlapon \u00fczemel\u0151 web\u00e1ruh\u00e1z (a tov\u00e1bbiakban: Web\u00e1ruh\u00e1z) haszn\u00e1lat\u00e1ra vonatkoz\u00f3 \u00e1ltal\u00e1nos szerz\u0151d\u00e9si felt\u00e9teleket (tov\u00e1bbiakban \u201e\u00c1SZF\u201d) tartalmazza.<\/p>\n<p><strong>I. A Web\u00e1ruh\u00e1z tulajdonos\u00e1nak \u00e9s \u00fczemeltet\u0151j\u00e9nek adatai (Web\u00e1ruh\u00e1zat \u00fczemeltet\u0151):<\/strong><\/p>\n<p dir=\"ltr\">C\u00e9g neve: Hars\u00e1nyi G\u00e1bor egy\u00e9ni v\u00e1llalkoz\u00f3<br \/>Headquarters: 1165 Budapest, Hangulat utca 14.<br \/>Location: 3950 S\u00e1rospatak, Kossuth Lajos u. 25.<br \/>Banksz\u00e1mlasz\u00e1m:\u00a054600346-16108592<br \/>E-mail adress:\u00a0<span id=\"cloaka8dceef9d0707d8cbf7af02f48f68738\"><a href=\"mailto:info@harsanyipinceszet.hu\">info@harsanyipinceszet.hu<\/a><\/span><br \/>Tel: +36\u00a070 442 6146<br \/>Ad\u00f3sz\u00e1m: 64364863-2-42<br \/>NAIH sz\u00e1m: NAIH-141419\/2018<br \/>Nyilv\u00e1ntart\u00f3 hat\u00f3s\u00e1g: Budapest F\u0151v\u00e1ros 16. ker. \u00d6nkorm\u00e1nyzat<br \/>Nyilv\u00e1ntart\u00e1si sz\u00e1ma: 9235378<\/p>\n<p><strong>II. A megrendel\u00e9s \u00e9s szerz\u0151d\u00e9sk\u00f6t\u00e9s menete<\/strong><\/p>\n<p>A l\u00e9trej\u00f6tt szerz\u0151d\u00e9s elektronikus \u00faton megk\u00f6t\u00f6tt szerz\u0151d\u00e9snek min\u0151s\u00fcl, amelyre az elektronikus kereskedelmi szolg\u00e1ltat\u00e1sok, valamint az inform\u00e1ci\u00f3s t\u00e1rsadalommal \u00f6sszef\u00fcgg\u0151 szolg\u00e1ltat\u00e1sok egyes k\u00e9rd\u00e9seir\u0151l sz\u00f3l\u00f3 2001. \u00e9vi CVIII. t\u00f6rv\u00e9ny 5. \u00e9s 6. \u00a7-\u00e1ban foglaltak az ir\u00e1nyad\u00f3k. Az elektronikus \u00faton l\u00e9trej\u00f6tt szerz\u0151d\u00e9s \u00edr\u00e1sbeli szerz\u0151d\u00e9snek min\u0151s\u00fcl, melyet rendel\u00e9si azonos\u00edt\u00f3val l\u00e1tunk el, \u00edgy az ut\u00f3lag hozz\u00e1f\u00e9rhet\u0151 \u00e9s megtekinthet\u0151.A Ptk. 6:7.\u00a7 (3) bekezd\u00e9se alapj\u00e1n a megk\u00f6tend\u0151 szerz\u0151d\u00e9s \u00edr\u00e1sa foglalt szerz\u0151d\u00e9snek min\u0151s\u00fcl.\u00a0<\/p>\n<p>Szerz\u0151d\u00e9s nyelve: Magyar<\/p>\n<p>Felhaszn\u00e1l\u00f3 a Web\u00e1ruh\u00e1z oldalainak b\u00f6ng\u00e9sz\u00e9s\u00e9vel, valamint \u00e9rv\u00e9nyes regisztr\u00e1ci\u00f3j\u00e1val elfogadja \u00e9s mag\u00e1ra n\u00e9zve k\u00f6telez\u0151 \u00e9rv\u00e9ny\u0171nek ismeri el jelen dokumentum tartalm\u00e1t.<\/p>\n<p>Alkoholtartalm\u00fa term\u00e9kre vonatkoz\u00f3an megrendel\u00e9st csak 18 \u00e9v feletti szem\u00e9ly sz\u00e1m\u00e1ra teljes\u00edt\u00fcnk.<\/p>\n<p><strong>Honlapunkra regisztr\u00e1ci\u00f3t csak 18 \u00e9ven fel\u00fcli szem\u00e9lyt\u0151l fogadunk el<\/strong>, ez\u00e9rt minden megrendel\u0151nknek m\u00e1r a regisztr\u00e1ci\u00f3kor nyilatkozni kell arr\u00f3l, hogy elm\u00falt 18 \u00e9ves.<\/p>\n<p><strong>A rendel\u00e9s folyamata, az elektronikus szerz\u0151d\u00e9sk\u00f6t\u00e9s l\u00e9p\u00e9sei:<\/strong><\/p>\n<ol>\n<li>Bel\u00e9p a web\u00e1ruh\u00e1zba<\/li>\n<li>Kiv\u00e1lasztja a term\u00e9k(ek)et<\/li>\n<li>Kit\u00f6lti az inform\u00e1ci\u00f3s ablakot (sz\u00e1ll\u00edt\u00e1s m\u00f3dja, fizet\u00e9si m\u00f3d).<\/li>\n<li>Elk\u00fcldi a megrendel\u00e9st<\/li>\n<li>Rendel\u00e9s\u00e9r\u0151l automatikus visszaigazol\u00e1st kap e-mail-ben, amely tartalmazza a rendel\u00e9s adatait.<\/li>\n<li>Felvessz\u00fck \u00d6nnel a kapcsolatot a kisz\u00e1ll\u00edt\u00e1s egyeztet\u00e9s\u00e9hez.<\/li>\n<li>A fut\u00e1rszolg\u00e1lat h\u00e1zhoz viszi a k\u00fcldem\u00e9nyt.<\/li>\n<\/ol>\n<p>A web\u00e1ruh\u00e1zunkb\u00f3l t\u00f6rt\u00e9n\u0151 \u00a0v\u00e1s\u00e1rl\u00e1s fizet\u00e9si k\u00f6telezetts\u00e9ggel j\u00e1r\u00f3 megrendel\u00e9snek min\u0151s\u00fcl.<\/p>\n<p>A web\u00e1ruh\u00e1zb\u00f3l t\u00f6rt\u00e9n\u0151 v\u00e1s\u00e1rl\u00e1s felt\u00e9tele a honlapon t\u00f6rt\u00e9n\u0151 regisztr\u00e1ci\u00f3. A regisztr\u00e1ci\u00f3s lap elk\u00fcld\u00e9s\u00e9t k\u00f6vet\u0151en a jelentkez\u00e9skor megadott e-mail c\u00edmre visszaigazol\u00f3 e-mailt k\u00fcld\u00fcnk.<\/p>\n<p>Regisztr\u00e1lt felhaszn\u00e1l\u00f3ink a sikeres regisztr\u00e1ci\u00f3t k\u00f6vet\u0151en az \u00e1ltaluk megadott felhaszn\u00e1l\u00f3 n\u00e9vvel \u00e9s jelsz\u00f3val tudnak a k\u00e9s\u0151bbiekben a fi\u00f3kjukba bel\u00e9pni. Web\u00e1ruh\u00e1zunkb\u00f3l rendelni csak a fi\u00f3kba t\u00f6rt\u00e9n\u0151 bel\u00e9p\u00e9st k\u00f6vet\u0151en tudnak v\u00e1s\u00e1rl\u00f3ink.<\/p>\n<p>A kiv\u00e1lasztott term\u00e9k megv\u00e1s\u00e1rl\u00e1s\u00e1hoz annak kos\u00e1rba helyez\u00e9se sz\u00fcks\u00e9ges. A kos\u00e1r tartalma b\u00e1rmikor ellen\u0151rizhet\u0151, v\u00e1ltoztathat\u00f3, vagy ak\u00e1r t\u00f6r\u00f6lhet\u0151. A sikeres v\u00e1s\u00e1rl\u00e1shoz k\u00e9rj\u00fck pontosan megadni a sz\u00e1ll\u00edt\u00e1si c\u00edmet, a fizet\u00e9si \u00e9s sz\u00e1ll\u00edt\u00e1si m\u00f3dot, majd ezt k\u00f6vet\u0151en lehet a rendel\u00e9st v\u00e9gleges\u00edteni.<\/p>\n<p>K\u00e9rj\u00fck, \u00fcgyeljen a megadott adatok helyess\u00e9g\u00e9re, hiszen a term\u00e9ket ezek alapj\u00e1n sz\u00e1ml\u00e1zzuk \u00e9s sz\u00e1ll\u00edtjuk ki!Adatbeviteli hib\u00e1k kijav\u00edt\u00e1s\u00e1ra a \u201eRendel\u00e9s meger\u0151s\u00edt\u00e9se\u201d gomb megnyom\u00e1sa el\u0151tt van lehet\u0151s\u00e9g.K\u00e9rj\u00fck, azt a telefonsz\u00e1mot, illetve e-mail c\u00edmet adja meg, melyen megrendel\u00e9s\u00e9vel kapcsolatban el tudjuk \u00d6nt \u00e9rni, illetve melyen a fut\u00e1rszolg\u00e1lat \u00e9rtes\u00edteni tudja majd csomagja pontos \u00e9rkez\u00e9s\u00e9r\u0151l!<\/p>\n<p><strong>Megrendel\u00e9s\u00e9t - a rendel\u00e9s adataival egy\u00fctt - a regisztr\u00e1ci\u00f3kor megadott e-mail c\u00edmen automatikusan igazoljuk vissza.<\/strong><\/p>\n<p>A megrendel\u00e9ssel a Megrendel\u0151 \u00e9s a Web\u00e1ruh\u00e1zat \u00fczemeltet\u0151 k\u00f6z\u00f6tt ad\u00e1sv\u00e9tel j\u00f6n l\u00e9tre. A szerz\u0151d\u00e9s mint t\u00e1vollev\u0151k k\u00f6z\u00f6tt l\u00e9trej\u00f6tt meg\u00e1llapod\u00e1s a Web\u00e1ruh\u00e1zat \u00fczemeltet\u0151 aj\u00e1nlati k\u00f6t\u00f6tts\u00e9g\u00e9n alapul. Web\u00e1ruh\u00e1zat\u00fczemeltet\u0151 mint aj\u00e1nlattev\u0151 a honlapon k\u00f6zz\u00e9tett felt\u00e9telek szerint hirdeti term\u00e9keit. Megrendel\u0151 a honlapon t\u00f6rt\u00e9n\u0151 regisztr\u00e1ci\u00f3t k\u00f6vet\u0151 sikeres megrendel\u00e9ssel elfogadja Web\u00e1ruh\u00e1zat \u00fczemeltet\u0151 aj\u00e1nlat\u00e1t.\u00a0<strong>K\u00f6z\u00f6tt\u00fck a szerz\u0151d\u00e9s a megrendel\u00e9sr\u0151l sz\u00f3l\u00f3 visszaigazol\u00f3 e-mailnek Megrendel\u0151h\u00f6z t\u00f6rt\u00e9n\u0151 meg\u00e9rkez\u00e9s\u00e9vel j\u00f6n l\u00e9tre, r\u00e1utal\u00f3 magatart\u00e1ssal.<\/strong>\u00a0A visszaigazol\u00f3 e-mail akkor tekintend\u0151 meg\u00e9rkezettnek, amikor az a c\u00edmzett sz\u00e1m\u00e1ra hozz\u00e1f\u00e9rhet\u0151v\u00e9 v\u00e1lik.Amennyiben a visszaigazol\u00e1s a megrendel\u00e9s elk\u00fcld\u00e9s\u00e9t\u0151l sz\u00e1m\u00edtott 48 \u00f3r\u00e1n bel\u00fcl a Megrendel\u0151h\u00f6z nem \u00e9rkezik meg, a Megrendel\u0151 mentes\u00fcl az aj\u00e1nlati k\u00f6t\u00f6tts\u00e9g vagy szerz\u0151d\u00e9ses k\u00f6telezetts\u00e9g al\u00f3l.<\/p>\n<p>Hi\u00e1nyos vagy hib\u00e1s megrendel\u0151lap kit\u00f6lt\u00e9s eset\u00e9n az el\u0151bbiekb\u0151l ered\u0151 k\u00e1rok\u00e9rt, illetve a folyamat k\u00f6zben felmer\u00fcl\u0151 technikai probl\u00e9m\u00e1k\u00e9rt a Web\u00e1ruh\u00e1z \u00fczemeltet\u0151je felel\u0151ss\u00e9get nem v\u00e1llal. A hib\u00e1san megadott c\u00edmz\u00e9si, vagy m\u00e1s jelleg\u0171 adatok, inform\u00e1ci\u00f3k eset\u00e9n felmer\u00fcl\u0151 sz\u00e1ll\u00edt\u00e1si vagy egy\u00e9b t\u00f6bbletk\u00f6lts\u00e9g a v\u00e1s\u00e1rl\u00f3t terheli.<\/p>\n<p>A szerz\u0151d\u00e9s a Ptk. (6) 3.\u00a7 a) pontja \u00e9rtelm\u00e9ben a szolg\u00e1ltat\u00e1sok k\u00f6lcs\u00f6n\u00f6s teljes\u00edt\u00e9s\u00e9vel megsz\u0171nik.<\/p>\n<p><strong>III. Megrendel\u00e9s m\u00f3dos\u00edt\u00e1sa<\/strong><\/p>\n<p>A megrendel\u00e9s kiz\u00e1r\u00f3lag addig m\u00f3dos\u00edthat\u00f3, m\u00edg a fut\u00e1rnak \u00e1tad\u00e1sra nem ker\u00fcl.A m\u00f3dos\u00edt\u00e1si ig\u00e9ny\u00e9t k\u00e9rj\u00fck, \u00fcgyf\u00e9lszolg\u00e1latunkon jelezze a szok\u00e1sos m\u00f3dokon (telefonsz\u00e1m, e-mail c\u00edm vagy kapcsolat felv\u00e9teli \u0171rlap)<\/p>\n<p><strong>IV. Kisz\u00e1ll\u00edt\u00e1s<\/strong><\/p>\n<p>Web\u00e1ruh\u00e1zat \u00fczemeltet\u0151 a megrendel\u00e9seket\u00a0<strong>2-3<\/strong>\u00a0munkanapon bel\u00fcl juttatja el a Megrendel\u0151h\u00f6z. Aj\u00e1nd\u00e9kcsomagok eset\u00e9n (csokol\u00e1d\u00e9, p\u00f3l\u00f3) a sz\u00e1ll\u00edt\u00e1s legfeljebb\u00a0<strong>5<\/strong>\u00a0munkanap a friss elk\u00e9sz\u00edt\u00e9s\/gy\u00e1rt\u00e1s miatt! A rendel\u00e9sek h\u00e9tk\u00f6znap, napi rendszeress\u00e9ggel ker\u00fclnek kisz\u00e1ll\u00edt\u00e1sra.<\/p>\n<p><strong>A sz\u00e1ll\u00edt\u00e1si k\u00f6lts\u00e9gek:<\/strong><\/p>\n<p>Csomagk\u00fcld\u00e9si tarif\u00e1nk a megrendel\u00e9s v\u00e9g\u00f6sszeg\u00e9t\u0151l f\u00fcgg:<\/p>\n<ul>\n<li>Szem\u00e9lyes \u00e1tv\u00e9tel: (rendel\u00e9s lead\u00e1s\u00e1t k\u00f6vet\u0151 2 \u00f3r\u00e1n bel\u00fcl elk\u00e9sz\u00fcl, kiv\u00e9ve csokol\u00e1d\u00e9t vagy p\u00f3l\u00f3t tartalmaz\u00f3 rendel\u00e9sek)<br \/>- Budapesti irod\u00e1nk: Budapest, 1162, Timur utca 74, Alagsor - Nyitvatart\u00e1s:\u00a0<strong>8:00-16:00<\/strong><br \/>- Cuv\u00e9e Rendezv\u00e9nyh\u00e1z: S\u00e1rospatak, 3950, Kossuth Lajos \u00fat 25 - \u00e1tv\u00e9teli id\u0151pontot el\u0151re a<strong>\u00a0+36 20 279 4737<\/strong>\u00a0telefonsz\u00e1mon lehet egyeztetni<\/li>\n<li>Magyarorsz\u00e1g ter\u00fclet\u00e9n\u00a0<strong>15.000 Ft<\/strong>\u00a0feletti rendel\u00e9s eset\u00e9n<strong>\u00a0ingyenesen<\/strong>\u00a0sz\u00e1ll\u00edtunk!<\/li>\n<li>Magyarorsz\u00e1g ter\u00fclet\u00e9n\u00a0<strong>15.000 Ft<\/strong>\u00a0alatti rendel\u00e9s eset\u00e9n\u00a0<strong>1.990 Ft<\/strong>\u00a0a sz\u00e1ll\u00edt\u00e1si k\u00f6lts\u00e9g!<\/li>\n<li>Ut\u00e1nv\u00e9t k\u00f6lts\u00e9ge:\u00a0<strong>500 Ft<\/strong>,\u00a0<strong>15.000 Ft<\/strong>\u00a0feletti v\u00e1s\u00e1rl\u00e1s eset\u00e9n is!<\/li>\n<li>K\u00fclf\u00f6ldi sz\u00e1ll\u00edt\u00e1s eset\u00e9n:\u00a0<strong>15.000 Ft<\/strong>\u00a0vagy<strong>\u00a0egyedi \u00e1raj\u00e1nlat<\/strong>\u00a0k\u00e9r\u00e9s\u00e9hez (a csomag s\u00faly\u00e1t\u00f3l, sz\u00e1ll\u00edt\u00e1si orsz\u00e1gt\u00f3l \u00e9s v\u00e1rost\u00f3l v\u00e1ltoz\u00f3 a k\u00f6lts\u00e9g) vegye fel vel\u00fcnk a kapcsolatot az\u00a0<strong><span id=\"cloaka58360e4f285dff3867e655a185e3461\"><span id=\"cloakc1d2230482ed33d06874b7a9bacc50ff\"><a href=\"mailto:info@harsanyipinceszet.hu\">info@harsanyipinceszet.hu<\/a><\/span><\/span>\u00a0<\/strong>e-mail c\u00edmen vagy a\u00a0<strong>+36 20 279 4737<\/strong>\u00a0telefonsz\u00e1mon!<\/li>\n<\/ul>\n<p>(A megadott sz\u00e1ll\u00edt\u00e1si \u00e1rak tartalmazz\u00e1k az \u00c1FA-t.)<\/p>\n<p><strong>Ingyenes h\u00e1zhozsz\u00e1ll\u00edt\u00e1s:<\/strong><\/p>\n<p><strong>Ingyenesen<\/strong>\u00a0kisz\u00e1ll\u00edtjuk megrendel\u00e9s\u00e9t az orsz\u00e1g b\u00e1rmely pontj\u00e1ra, amennyiben\u00a0<strong>15.000 Ft<\/strong>\u00a0\u00f6ssz\u00e9rt\u00e9k felett rendel.<\/p>\n<p>Nagykereskedelmi rendel\u00e9s eset\u00e9n az ingyenesen kisz\u00e1ll\u00edt\u00e1st\u00a0<strong>40.000 Ft<\/strong>\u00a0- feletti megrendel\u00e9sn\u00e9l v\u00e1llaljuk.<\/p>\n<p><strong>Csomag m\u00e9ret\u00e9re \u00e9s s\u00faly\u00e1ra vonatkoz\u00f3 adatok:<\/strong><\/p>\n<p>A k\u00e9zbes\u00edthet\u0151 k\u00fcldem\u00e9nyek maxim\u00e1lis s\u00falya nem haladhatja meg a\u00a0<strong>100 kg<\/strong>-ot.<\/p>\n<p>Amennyiben megrendel\u00e9se nagy terjedelm\u0171 illetve\u00a0<strong>100 kg f\u00f6l\u00f6tti<\/strong>\u00a0s\u00faly\u00fa, a sz\u00e1ll\u00edt\u00e1sr\u00f3l szem\u00e9lyesen egyeztet\u00fcnk \u00d6nnel.<\/p>\n<p>Hivatalos viszontelad\u00f3inkn\u00e1l a sz\u00e1ll\u00edt\u00e1s felt\u00e9teleit egyedileg \u00e1llap\u00edtjuk meg.<\/p>\n<p><strong>Csomag \u00fajrak\u00e9zbes\u00edt\u00e9s:<\/strong><\/p>\n<p>Amennyiben mi elk\u00fcldt\u00fck a megrendelt csomagot, \u00e9s azt t\u00f6bbsz\u00f6ri pr\u00f3b\u00e1lkoz\u00e1sra sem siker\u00fcl Megrendel\u0151nek \u00e1tadni, a fut\u00e1r a megrendelt term\u00e9ket automatikusan visszasz\u00e1ll\u00edtja.<\/p>\n<p>Megrendel\u0151 kezdem\u00e9nyezheti, hogy a csomagot a sz\u00e1ll\u00edt\u00e1si k\u00f6lts\u00e9g \u00fajb\u00f3li felsz\u00e1m\u00edt\u00e1s\u00e1val \u00fajra elk\u00fcldj\u00fck. Akkor ind\u00edtjuk \u00fatj\u00e1ra ism\u00e9t a csomagot, ha annak ellen\u00e9rt\u00e9ke a banksz\u00e1ml\u00e1nkon (\u00e1tutal\u00e1ssal) j\u00f3v\u00e1\u00edr\u00f3dott!<\/p>\n<p>Amennyiben egy c\u00edmr\u0151l k\u00e9t vagy t\u00f6bb alkalommal is visszakapjuk a csomagot, c\u00e9g\u00fcnk fenntartja a jogot, hogy erre a n\u00e9vre \u00e9s c\u00edmre a tov\u00e1bbiakban ne k\u00fcldj\u00f6n csomagot.<\/p>\n<p><strong>V. Fizet\u00e9si m\u00f3dok, sz\u00e1ml\u00e1z\u00e1s<\/strong><\/p>\n<p>Webshopunk jelenleg k\u00e9tf\u00e9le fizet\u00e9si m\u00f3dot k\u00edn\u00e1l:<\/p>\n<ol>\n<li>Ut\u00e1nv\u00e9ttel, a fut\u00e1rn\u00e1l k\u00e9szp\u00e9nzben<\/li>\n<li>Banki \u00e1tutal\u00e1ssal a Hars\u00e1nyi G\u00e1bor P\u00e9ter Egy\u00e9ni V\u00e1llalkoz\u00e1s (c\u00e9gn\u00e9v) MKB Bankn\u00e1l vezetett MKB Bank 10300002-10620969-49030016 sz\u00e1m\u00fa sz\u00e1ml\u00e1j\u00e1ra<\/li>\n<\/ol>\n<p>A sz\u00e1ml\u00e1t a csomagban k\u00fcldj\u00fck; amennyiben ez \u00d6nnek nem felel meg (pl. ink\u00e1bb post\u00e1n k\u00e9ri vagy szem\u00e9lyesen), k\u00e9rj\u00fck jelezze ezt a megrendel\u00e9skor.<\/p>\n<p><strong>VI. Az \u00e1ru \u00e1tv\u00e9tele<\/strong><\/p>\n<p>Megrendel\u0151 k\u00f6teles a kisz\u00e1ll\u00edt\u00e1s id\u0151pontj\u00e1ban illetve szem\u00e9lyes \u00e1tv\u00e9telkor, a csomagot t\u00e9telesen ellen\u0151rizni \u00e9s hi\u00e1nytalan teljes\u00edt\u00e9s eset\u00e9n az \u00e1tv\u00e9teli elismerv\u00e9nyt al\u00e1\u00edrni.<\/p>\n<p>Amennyiben b\u00e1rmilyen s\u00e9r\u00fcl\u00e9st tal\u00e1l a csomagon, k\u00e9rj\u00fck, m\u00e9g a sz\u00e1ll\u00edt\u00f3 c\u00e9g alkalmazottj\u00e1nak jelenl\u00e9t\u00e9ben jegyz\u0151k\u00f6nyvben r\u00f6gz\u00edtse, \u00e9s c\u00e9g\u00fcnkh\u00f6z felt\u00e9tlen\u00fcl jutassa el. Amennyiben a kisz\u00e1ll\u00edtott csomagban nem a megrendelt \u00e1rut tal\u00e1lja, k\u00e9rj\u00fck, jelezze \u00edr\u00e1sban vagy telefonon c\u00e9g\u00fcnknek.<\/p>\n<p>Az megrendel\u00e9s\u00e9rt az \u00e1ru k\u00e9zhezv\u00e9tel\u00e9ig teljes k\u00f6r\u0171 felel\u0151ss\u00e9get v\u00e1llalunk. A hib\u00e1s vagy s\u00e9r\u00fclt \u00e1rut 5 munkanapon bel\u00fcl cser\u00e9lj\u00fck, vagy p\u00f3toljuk saj\u00e1t k\u00f6lts\u00e9g\u00fcnkre. Ha Megrendel\u0151 a hib\u00e1s sz\u00e1ll\u00edt\u00e1s vagy az \u00e1ru sz\u00e1ll\u00edt\u00e1skori s\u00e9r\u00fcl\u00e9se miatt el\u00e1ll a megrendel\u00e9st\u0151l, akkor a m\u00e1r megfizetett \u00e1ru ellen\u00e9rt\u00e9k\u00e9t visszafizetj\u00fck.<\/p>\n<p>Az \u00e1ru \u00e1tv\u00e9tel\u00e9t k\u00f6vet\u0151en a sz\u00e1ll\u00edt\u00e1ssal kapcsolatos reklam\u00e1ci\u00f3kat nem \u00e1ll m\u00f3dunkban elfogadni.<\/p>\n<p>Megrendel\u00e9s\u00e9vel \u00e9s a sz\u00e1ll\u00edt\u00e1ssal kapcsolatos reklam\u00e1ci\u00f3it, \u00e9szrev\u00e9teleit az al\u00e1bbi email c\u00edmen v\u00e1rjuk:\u00a0<strong><span id=\"cloaka25a1f63231c1630b33c3d9b6459b951\"><a href=\"mailto:info@harsanyipinceszet.hu\">info@harsanyipinceszet.hu<\/a><\/span><\/strong>\u00a0vagy a\u00a0<strong>+36 20 279 4737<\/strong>\u00a0-es telefonsz\u00e1mon, amelyre legk\u00e9s\u0151bb 30 napon bel\u00fcl \u00e9rdemi v\u00e1laszt adunk.<\/p>\n<p><strong>VII. K\u00e9szlethi\u00e1ny \u00e9s el\u0151rendel\u00e9s<\/strong><\/p>\n<p>K\u00e9szlethi\u00e1ny eset\u00e9n 2 munkanapon bel\u00fcl \u00e9rtes\u00edtj\u00fck Megrendel\u0151t a term\u00e9k meg\u00e9rkez\u00e9s\u00e9nek v\u00e1rhat\u00f3 id\u0151pontj\u00e1r\u00f3l. Ekkor eld\u00f6ntheti, hogy megrendel\u00e9s\u00e9t el\u0151rendel\u00e9sk\u00e9nt kezelj\u00fck-e.<\/p>\n<p>El\u0151rendel\u00e9s\u00e9t b\u00e1rmikor visszamondhatja, \u00e9s az el\u0151rendel\u00e9s visszamond\u00e1s\u00e1nak semmilyen anyagi k\u00f6vetkezm\u00e9nye nincs.<\/p>\n<p>Amennyiben megrendel\u00e9se tartalmaz k\u00e9szleten tal\u00e1lhat\u00f3 \u00e9s nem tal\u00e1lhat\u00f3 term\u00e9ket is, \u00fagy a Megrendel\u0151vel t\u00f6rt\u00e9n\u0151 egyeztet\u00e9s szerint j\u00e1runk el. Ig\u00e9nye szerint megv\u00e1rhatjuk, am\u00edg a hi\u00e1nyz\u00f3 term\u00e9k meg\u00e9rkezik, de kisz\u00e1ll\u00edthatjuk a k\u00e9szleten l\u00e9v\u0151 term\u00e9keket \u00e9s a hi\u00e1nyz\u00f3 term\u00e9ket k\u00fcl\u00f6n is.<\/p>\n<p><strong>VIII. Regisztr\u00e1ci\u00f3s fi\u00f3khoz kapcsol\u00f3d\u00f3 adatok kezel\u00e9se<\/strong><\/p>\n<p>Felhaszn\u00e1l\u00f3 a regisztr\u00e1ci\u00f3val hozz\u00e1j\u00e1rul, hogy adatait Web\u00e1ruh\u00e1zat \u00fczemeltet\u0151 a sz\u00fcks\u00e9ges m\u00e9rt\u00e9kig kezelje, mindezt bizalmasan, az Adatv\u00e9delemi nyilatkozatban foglaltaknak megfelel\u0151en.<\/p>\n<p>Felhaszn\u00e1l\u00f3 b\u00e1rmikor jogosult a regisztr\u00e1ci\u00f3ja t\u00f6rl\u00e9s\u00e9t k\u00e9rni az\u00a0<strong><span id=\"cloak3d84b584b5affe6a75f2a0625f337c7b\"><a href=\"mailto:info@harsanyipinceszet.hu\">info@harsanyipinceszet.hu<\/a><\/span><\/strong>\u00a0e-mail c\u00edmen. Az \u00fczenet meg\u00e9rkez\u00e9s\u00e9t k\u00f6vet\u0151en halad\u00e9ktalanul gondoskodunk a regisztr\u00e1ci\u00f3ja t\u00f6rl\u00e9s\u00e9r\u0151l. Felhaszn\u00e1l\u00f3i adatai a t\u00f6rl\u00e9st k\u00f6vet\u0151en azonnal elt\u00e1vol\u00edt\u00e1sra ker\u00fclnek a rendszerb\u0151l; ez azonban nem \u00e9rinti a m\u00e1r leadott rendel\u00e9sekhez \u00e9s teljes\u00edtett megrendel\u00e9sekhez kapcsol\u00f3d\u00f3 adatok \u00e9s dokumentumok meg\u0151rz\u00e9s\u00e9t, azok t\u00f6rl\u00e9se nem lehets\u00e9ges.<\/p>\n<p>Felhaszn\u00e1l\u00f3 v\u00e1llalja, hogy a regisztr\u00e1ci\u00f3 sor\u00e1n megadott szem\u00e9lyes adatait sz\u00fcks\u00e9g szerint friss\u00edti annak \u00e9rdek\u00e9ben, hogy azok id\u0151szer\u0171ek, teljesek \u00e9s a val\u00f3s\u00e1gnak megfelel\u0151ek legyenek (Adataim men\u00fcpont alatt). Ezen k\u00f6telezetts\u00e9g elmulaszt\u00e1s\u00e1b\u00f3l sz\u00e1rmaz\u00f3 k\u00e1rok\u00e9rt \u00e9s t\u00f6bbletk\u00f6lts\u00e9gek\u00e9rt a felel\u0151ss\u00e9g Felhaszn\u00e1l\u00f3t terheli.<\/p>\n<p><strong>IX. El\u00e1ll\u00e1si jog<\/strong><\/p>\n<p>Amennyiben a term\u00e9k \u00e1tv\u00e9tele ut\u00e1n \u00fagy d\u00f6nt, hogy m\u00e9gsem k\u00e9ri a term\u00e9ke(ke)t, lehet\u0151s\u00e9ge van 14 napon bel\u00fcl indokl\u00e1s n\u00e9lk\u00fcl el\u00e1llni a v\u00e1s\u00e1rl\u00e1st\u00f3l. Ennek m\u00f3dj\u00e1r\u00f3l a t\u00e1voll\u00e9v\u0151k k\u00f6z\u00f6tt k\u00f6t\u00f6tt szerz\u0151d\u00e9sekr\u0151l sz\u00f3l\u00f3, 17\/1999. korm\u00e1nyrendelet rendelkezik.<\/p>\n<p>El\u00e1ll\u00e1si sz\u00e1nd\u00e9k\u00e1t \u00edr\u00e1sban, e-mailben (<strong><span id=\"cloakab866c69300645ca216cd042efb13cc6\"><a href=\"mailto:info@harsanyipinceszet.hu\">info@harsanyipinceszet.hu<\/a><\/span><\/strong>) vagy postai lev\u00e9l (1162 Budapest, Timur utca 74.) \u00fatj\u00e1n k\u00f6z\u00f6lheti vel\u00fcnk. El\u00e1ll\u00e1si jog\u00e1val szem\u00e9lyes \u00e1tv\u00e9tel eset\u00e9n is \u00e9lhet!<\/p>\n<p>\u00cdr\u00e1sban t\u00f6rt\u00e9n\u0151 el\u00e1ll\u00e1s eset\u00e9n azt hat\u00e1rid\u0151ben \u00e9rv\u00e9nyes\u00edtettnek tekintj\u00fck, ha az el\u00e1ll\u00e1sra ir\u00e1nyul\u00f3 nyilatkozatot 14 napon bel\u00fcl (ak\u00e1r a 14. napon) elk\u00fcldi nek\u00fcnk. Postai \u00faton t\u00f6rt\u00e9n\u0151 jelz\u00e9s alkalm\u00e1val a post\u00e1ra ad\u00e1s d\u00e1tum\u00e1t, e-mail \u00e9rtes\u00edt\u00e9s eset\u00e9n az e-mail k\u00fcld\u00e9s\u00e9nek id\u0151pontj\u00e1t vessz\u00fck figyelembe a hat\u00e1rid\u0151 sz\u00e1m\u00edt\u00e1s szempontj\u00e1b\u00f3l. K\u00e9rj\u00fck, hogy level\u00e9t aj\u00e1nlott k\u00fcldem\u00e9nyk\u00e9nt adja post\u00e1ra, hogy egy\u00e9rtelm\u0171en bizony\u00edthat\u00f3 legyen a felad\u00e1s d\u00e1tuma.<\/p>\n<p>El\u00e1ll\u00e1s eset\u00e9n a term\u00e9k visszajuttat\u00e1s\u00e1nak k\u00f6lts\u00e9gei a v\u00e1s\u00e1rl\u00f3t terhelik. A v\u00e1s\u00e1rl\u00f3t ezen fel\u00fcl egy\u00e9b k\u00f6lts\u00e9g nem terheli.<\/p>\n<p>Az ut\u00e1nv\u00e9tellel visszak\u00fcld\u00f6tt csomagot nem \u00e1ll m\u00f3dunkban \u00e1tvenni, az ilyen csomag visszajuttat\u00e1s\u00e1nak k\u00f6lts\u00e9ge is a v\u00e1s\u00e1rl\u00f3t terheli!<\/p>\n<p>M\u00e1r felbontott term\u00e9ket csak akkor tudunk visszavenni, ha a csomagol\u00e1s r\u00e9szei, a term\u00e9k \u00e9s annak tartoz\u00e9kai, valamint a le\u00edr\u00e1sa is s\u00e9rtetlen \u00e1llapotban van.<\/p>\n<p>A visszak\u00fcld\u00f6tt term\u00e9k \u00e1r\u00e1t a sz\u00e1ll\u00edt\u00e1si d\u00edjjal egy\u00fctt (ha volt) halad\u00e9ktalanul, de legk\u00e9s\u0151bb 30 napon bel\u00fcl visszautaljuk az \u00d6n sz\u00e1m\u00e1ra. A visszat\u00e9r\u00edt\u00e9s vonatkozik a term\u00e9k v\u00e1s\u00e1rl\u00f3 r\u00e9sz\u00e9re t\u00f6rt\u00e9n\u0151 kisz\u00e1ll\u00edt\u00e1si k\u00f6lts\u00e9geire is, kiv\u00e9ve, ha az el\u00e1ll\u00e1ssal \u00e9rintett term\u00e9kkel egy\u00fctt m\u00e1s olyan term\u00e9k is kisz\u00e1ll\u00edt\u00e1sra ker\u00fclt, amely tekintet\u00e9ben a v\u00e1s\u00e1rl\u00f3 nem \u00e9lt el\u00e1ll\u00e1si jog\u00e1val.<\/p>\n<p>A term\u00e9keket lehet\u0151s\u00e9g szerint aj\u00e1nlott k\u00fcldem\u00e9nyk\u00e9nt juttassa vissza a c\u00edm\u00fcnkre, hogy biztosan meg\u00e9rkezzen, ut\u00e1nv\u00e9ttel feladott term\u00e9ket nem \u00e1ll m\u00f3dunkban \u00e1tvenni!<\/p>\n<p><strong>X.\u00a0\u00c1raz\u00e1s \u00e9s term\u00e9kinform\u00e1ci\u00f3<\/strong><\/p>\n<p>Az oldalon felt\u00fcntetett \u00e1rak brutt\u00f3 \u00e1rak. A Web\u00e1ruh\u00e1zban felt\u00fcntetett \u00e1rak visszavon\u00e1sig vagy megv\u00e1ltoztat\u00e1sig \u00e9rv\u00e9nyesek. A Web\u00e1ruh\u00e1zban felt\u00fcntetett term\u00e9kk\u00e9pek, vide\u00f3k \u00e9s k\u00e9szletinform\u00e1ci\u00f3k t\u00e1j\u00e9koztat\u00f3 jelleg\u0171ek, \u00edgy elt\u00e9rhetnek a val\u00f3s\u00e1gt\u00f3l. A felt\u00fcntetett \u00e1rak nem tartalmazz\u00e1k a sz\u00e1ll\u00edt\u00e1ssal kapcsolatos k\u00f6lts\u00e9geket!<\/p>\n<p>Nem v\u00e1llalunk felel\u0151ss\u00e9get a gondoss\u00e1gunk ellen\u00e9re \u00e9s\/vagy a rendszer hib\u00e1j\u00e1b\u00f3l ered\u0151en hib\u00e1san felt\u00fcntetett \u00e1r\u00e9rt, illetve a nyilv\u00e1nval\u00f3an t\u00e9ves, a term\u00e9k k\u00f6zismert nagys\u00e1grend\u0171 \u00e1r\u00e1t\u00f3l jelent\u0151sen elt\u00e9r\u0151, irre\u00e1lis \u00e1r\u00e9rt. Ilyen esetekben nem vagyunk k\u00f6telesek a term\u00e9ket a weboldalon hib\u00e1san felt\u00fcntetett \u00e1ron \u00e9rt\u00e9kes\u00edteni v\u00e1s\u00e1rl\u00f3ink r\u00e9sz\u00e9re. Hib\u00e1s \u00e1r felt\u00fcntet\u00e9se eset\u00e9n, azonnal e-mailben t\u00e1j\u00e9koztatjuk a v\u00e1s\u00e1rl\u00f3t arr\u00f3l, hogy a term\u00e9k mellett felt\u00fcntetett \u00e1r hib\u00e1s \u00e9s felaj\u00e1nljuk neki a term\u00e9k val\u00f3s \u00e1ron t\u00f6rt\u00e9n\u0151 megv\u00e1s\u00e1rl\u00e1s\u00e1nak lehet\u0151s\u00e9g\u00e9t. Ilyen esetben a v\u00e1s\u00e1rl\u00f3 eld\u00f6ntheti, hogy megrendeli val\u00f3s \u00e1ron a term\u00e9ket vagy minden h\u00e1tr\u00e1nyos jogk\u00f6vetkezm\u00e9ny n\u00e9lk\u00fcl lemondja a megrendel\u00e9st.<\/p>\n<p>Az \u00e1rucikkek tulajdons\u00e1gait, jellemz\u0151it a term\u00e9khez tartoz\u00f3 konkr\u00e9t oldalon ismerheti meg. A term\u00e9kekr\u0151l megjelen\u0151 k\u00e9pek \u00e1ltal\u00e1ban a t\u00e9nyleges \u00e1rut \u00e1br\u00e1zolj\u00e1k, amennyiben ett\u0151l jelent\u0151s elt\u00e9r\u00e9s van, az a k\u00e9p mellett felt\u00fcntet\u00e9sre ker\u00fcl.<\/p>\n<p>Az \u00e1ruh\u00e1zban rendel\u00e9s felad\u00e1sa n\u00e9lk\u00fcl is t\u00e1j\u00e9koz\u00f3dhat term\u00e9keinkr\u0151l. Ebben az esetben az adatainak megad\u00e1sa nem sz\u00fcks\u00e9ges.<\/p>\n<p><strong>XI. T\u00e1j\u00e9koztat\u00f3 a kell\u00e9kszavatoss\u00e1gr\u00f3l, a term\u00e9kszavatoss\u00e1gr\u00f3l \u00e9s a j\u00f3t\u00e1ll\u00e1sr\u00f3l<\/strong><\/p>\n<p>a)\u00a0<strong>Kell\u00e9kszavatoss\u00e1g<\/strong><\/p>\n<p>V\u00e1s\u00e1rl\u00f3ink a Web\u00e1ruh\u00e1zat \u00fczemeltet\u0151 hib\u00e1s teljes\u00edt\u00e9se eset\u00e9n kell\u00e9kszavatoss\u00e1gi ig\u00e9nyt \u00e9rv\u00e9nyes\u00edthet a Polg\u00e1ri T\u00f6rv\u00e9nyk\u00f6nyv szab\u00e1lyai szerint.<\/p>\n<p>V\u00e1s\u00e1rl\u00f3nk \u2013 v\u00e1laszt\u00e1sa szerint\u2013az al\u00e1bbi kell\u00e9kszavatoss\u00e1gi ig\u00e9nyekkel \u00e9lhet:<\/p>\n<p>K\u00e9rhet kijav\u00edt\u00e1st vagy kicser\u00e9l\u00e9st, kiv\u00e9ve, ha az ezek k\u00f6z\u00fcl az \u00e1ltala v\u00e1lasztott ig\u00e9ny teljes\u00edt\u00e9se lehetetlen vagy a Web\u00e1ruh\u00e1zat \u00fczemeltet\u0151 sz\u00e1m\u00e1ra m\u00e1s ig\u00e9nye teljes\u00edt\u00e9s\u00e9hez k\u00e9pest ar\u00e1nytalan t\u00f6bbletk\u00f6lts\u00e9ggel j\u00e1rna. Ha a kijav\u00edt\u00e1st vagy a kicser\u00e9l\u00e9st nem k\u00e9rte, illetve nem k\u00e9rhette, \u00fagy ig\u00e9nyelheti az ellenszolg\u00e1ltat\u00e1s ar\u00e1nyos lesz\u00e1ll\u00edt\u00e1s\u00e1t vagy a hib\u00e1t a v\u00e1llalkoz\u00e1s k\u00f6lts\u00e9g\u00e9re Megrendel\u0151 is kijav\u00edthatja, illetve m\u00e1ssal kijav\u00edttathatja vagy \u2013 v\u00e9gs\u0151 esetben \u2013 a szerz\u0151d\u00e9st\u0151l is el\u00e1llhat.<\/p>\n<p>V\u00e1lasztott kell\u00e9kszavatoss\u00e1gi jog\u00e1r\u00f3l egy m\u00e1sikra is \u00e1tt\u00e9rhet, az \u00e1tt\u00e9r\u00e9s k\u00f6lts\u00e9g\u00e9t azonban Megrendel\u0151 viseli, kiv\u00e9ve, ha az indokolt volt, vagy arra a v\u00e1llalkoz\u00e1s adott okot.<\/p>\n<p>Megrendel\u0151 k\u00f6teles a hib\u00e1t annak felfedez\u00e9se ut\u00e1n halad\u00e9ktalanul, de nem k\u00e9s\u0151bb, mint a hiba felfedez\u00e9s\u00e9t\u0151l sz\u00e1m\u00edtott kett\u0151 h\u00f3napon bel\u00fcl k\u00f6z\u00f6lni. Ugyanakkor a szerz\u0151d\u00e9s teljes\u00edt\u00e9s\u00e9t\u0151l sz\u00e1m\u00edtott k\u00e9t \u00e9ves el\u00e9v\u00fcl\u00e9si hat\u00e1rid\u0151n t\u00fal kell\u00e9kszavatoss\u00e1gi jogait m\u00e1r nem \u00e9rv\u00e9nyes\u00edtheti.<\/p>\n<p>Megrendel\u0151 a Web\u00e1ruh\u00e1zat \u00fczemeltet\u0151v\u00e1llalkoz\u00e1ssal szemben \u00e9rv\u00e9nyes\u00edtheti kell\u00e9kszavatoss\u00e1gi ig\u00e9ny\u00e9t.<\/p>\n<p>A teljes\u00edt\u00e9st\u0151l sz\u00e1m\u00edtott hat h\u00f3napon bel\u00fcl a kell\u00e9kszavatoss\u00e1gi ig\u00e9nye \u00e9rv\u00e9nyes\u00edt\u00e9s\u00e9nek a hiba k\u00f6zl\u00e9s\u00e9n t\u00fal nincs egy\u00e9b felt\u00e9tele, ha Megrendel\u0151 igazolja, hogy a term\u00e9ket a Web\u00e1ruh\u00e1zat \u00fczemeltet\u0151v\u00e1llalkoz\u00e1s ny\u00fajtotta. A teljes\u00edt\u00e9st\u0151l sz\u00e1m\u00edtott hat h\u00f3nap eltelte ut\u00e1n azonban m\u00e1r Megrendel\u0151 k\u00f6teles bizony\u00edtani, hogy a Megrendel\u0151 \u00e1ltal felismert hiba m\u00e1r a teljes\u00edt\u00e9s id\u0151pontj\u00e1ban is megvolt.<\/p>\n<p>b)\u00a0<strong>Term\u00e9kszavatoss\u00e1g<\/strong><\/p>\n<p>Ing\u00f3 dolog (term\u00e9k) hib\u00e1ja eset\u00e9n Megrendel\u0151 \u2013 v\u00e1laszt\u00e1sa szerint \u2013 az 1. pontban meghat\u00e1rozott jog\u00e1t vagy term\u00e9kszavatoss\u00e1gi ig\u00e9nyt \u00e9rv\u00e9nyes\u00edthet.<\/p>\n<p>Term\u00e9kszavatoss\u00e1gi ig\u00e9nyk\u00e9nt Megrendel\u0151 kiz\u00e1r\u00f3lag a hib\u00e1s term\u00e9k kijav\u00edt\u00e1s\u00e1t vagy kicser\u00e9l\u00e9s\u00e9t k\u00e9rheti.<\/p>\n<p>A term\u00e9k akkor hib\u00e1s, ha az nem felel meg a forgalomba hozatalakor hat\u00e1lyos min\u0151s\u00e9gi k\u00f6vetelm\u00e9nyeknek vagy pedig, ha nem rendelkezik a gy\u00e1rt\u00f3 \u00e1ltal adott le\u00edr\u00e1sban szerepl\u0151 tulajdons\u00e1gokkal.<\/p>\n<p>Term\u00e9kszavatoss\u00e1gi ig\u00e9ny\u00e9t Megrendel\u0151 a term\u00e9k gy\u00e1rt\u00f3 \u00e1ltali forgalomba hozatal\u00e1t\u00f3l sz\u00e1m\u00edtott k\u00e9t \u00e9ven bel\u00fcl \u00e9rv\u00e9nyes\u00edtheti. E hat\u00e1rid\u0151 eltelt\u00e9vel e jogosults\u00e1g\u00e1t elveszti.<\/p>\n<p>Term\u00e9kszavatoss\u00e1gi ig\u00e9ny\u00e9t kiz\u00e1r\u00f3lag az ing\u00f3 dolog gy\u00e1rt\u00f3j\u00e1val vagy forgalmaz\u00f3j\u00e1val szemben gyakorolhatja. A term\u00e9k hib\u00e1j\u00e1t term\u00e9kszavatoss\u00e1gi ig\u00e9ny \u00e9rv\u00e9nyes\u00edt\u00e9se eset\u00e9n Megrendel\u0151nek kell bizony\u00edtania.<\/p>\n<p>A gy\u00e1rt\u00f3 (forgalmaz\u00f3) kiz\u00e1r\u00f3lag akkor mentes\u00fcl term\u00e9kszavatoss\u00e1gi k\u00f6telezetts\u00e9ge al\u00f3l, ha bizony\u00edtani tudja, hogy:<\/p>\n<ul>\n<li>a term\u00e9ket nem \u00fczleti tev\u00e9kenys\u00e9ge k\u00f6r\u00e9ben gy\u00e1rtotta, illetve hozta forgalomba, vagy<\/li>\n<li>a hiba a tudom\u00e1ny \u00e9s a technika \u00e1ll\u00e1sa szerint a forgalomba hozatal id\u0151pontj\u00e1ban nem volt felismerhet\u0151 vagy<\/li>\n<li>a term\u00e9k hib\u00e1ja jogszab\u00e1ly vagy k\u00f6telez\u0151 hat\u00f3s\u00e1gi el\u0151\u00edr\u00e1s alkalmaz\u00e1s\u00e1b\u00f3l ered.<\/li>\n<\/ul>\n<p>A gy\u00e1rt\u00f3nak (forgalmaz\u00f3nak) a mentes\u00fcl\u00e9shez elegend\u0151 egy okot bizony\u00edtania.<\/p>\n<p>Ugyanazon hiba miatt kell\u00e9kszavatoss\u00e1gi \u00e9s term\u00e9kszavatoss\u00e1gi ig\u00e9nyt egyszerre, egym\u00e1ssal p\u00e1rhuzamosan nem \u00e9rv\u00e9nyes\u00edthet. Term\u00e9kszavatoss\u00e1gi ig\u00e9ny\u00e9nek eredm\u00e9nyes \u00e9rv\u00e9nyes\u00edt\u00e9se eset\u00e9n azonban a kicser\u00e9lt term\u00e9kre, illetve kijav\u00edtott r\u00e9szre vonatkoz\u00f3 kell\u00e9kszavatoss\u00e1gi ig\u00e9ny\u00e9t a gy\u00e1rt\u00f3val szemben \u00e9rv\u00e9nyes\u00edtheti.<\/p>\n<p>\u00a0c)\u00a0<strong>J\u00f3t\u00e1ll\u00e1s<\/strong><\/p>\n<p>Term\u00e9keink jelleg\u00e9re tekintettel j\u00f3t\u00e1ll\u00e1st nem v\u00e1llaluk.<\/p>\n<p><strong>XII<\/strong>.\u00a0<strong>Panasz\u00fcgyint\u00e9z\u00e9s<\/strong><\/p>\n<p>A Web\u00e1ruh\u00e1z m\u0171k\u00f6d\u00e9s\u00e9vel, megrendel\u00e9si, \u00e9s sz\u00e1ll\u00edt\u00e1si folyamatokkal kapcsolatban, illet\u0151leg a term\u00e9kekkel kapcsolatosan felmer\u00fcl\u0151 b\u00e1rmilyen k\u00e9rd\u00e9s eset\u00e9n az al\u00e1bb felt\u00fcntetett el\u00e9rhet\u0151s\u00e9geken kereszt\u00fcl tud vel\u00fcnk kapcsolatba l\u00e9pni.<\/p>\n<p>Kapcsolattart\u00e1s:<\/p>\n<p>\u00dcgyf\u00e9lszolg\u00e1lat:\u00a0<strong>+36 20 279 4737<\/strong><\/p>\n<p>E-mailben az\u00a0<strong><span id=\"cloak80a605be9fd409cabad5074039d2da15\"><a href=\"mailto:info@harsanyipinceszet.hu\">info@harsanyipinceszet.hu<\/a><\/span><\/strong>\u00a0c\u00edmen \u00e1llunk rendelkez\u00e9s\u00e9re.<\/p>\n<p>Weboldalunkon kereszt\u00fcl is k\u00fcldhet \u00fczenetet a Kapcsolat men\u00fcpontban.<\/p>\n<p>Amennyiben tov\u00e1bbi k\u00e9rd\u00e9se ad\u00f3dna az \u00e1ruh\u00e1z m\u0171k\u00f6d\u00e9s\u00e9vel kapcsolatban, k\u00e9rj\u00fck, l\u00e9pjen kapcsolatba vev\u0151szolg\u00e1latunkkal, ahol munkat\u00e1rsaink k\u00e9szs\u00e9ggel \u00e1llnak rendelkez\u00e9s\u00e9re.<\/p>\n<p><strong>XIII. Online Vitarendez\u00e9si F\u00f3rum<\/strong><\/p>\n<p>K\u00f6telezetts\u00e9get v\u00e1llalunk az alternat\u00edv vitarendez\u00e9si f\u00f3rum ig\u00e9nybev\u00e9tel\u00e9re a fogyaszt\u00f3i jogvit\u00e1ik rendez\u00e9s\u00e9hez. Az Eur\u00f3pai Bizotts\u00e1g \u00e1ltal fejlesztett \u00e9s \u00fczemeltetett\u00a0<a href=\"https:\/\/webgate.ec.europa.eu\/odr\/main\/index.cfm\">online vitarendez\u00e9si platformot itt \u00e9rheti el<\/a>.<\/p>\n<p>Az online vitarendez\u00e9si platform haszn\u00e1lata regisztr\u00e1ci\u00f3t ig\u00e9nyel az Eur\u00f3pai Bizotts\u00e1g rendszer\u00e9ben, majd bejelentkez\u00e9s ut\u00e1n a fogyaszt\u00f3 beny\u00fajthatja panasz\u00e1t a honlapon kereszt\u00fcl, ha nem siker\u00fclt k\u00f6zvetlen\u00fcl rendeznie a jogvit\u00e1j\u00e1t a v\u00e1llalkoz\u00e1ssal. A panasz beny\u00fajt\u00e1s\u00e1t k\u00f6vet\u0151en az online vitarendez\u00e9si platform azonnal tov\u00e1bb\u00edtja azt az ellen\u00e9rdek\u0171 f\u00e9lnek. Ezt k\u00f6vet\u0151en az \u00e9rintetteknek meg kell egyezni\u00fck egy alternat\u00edv vitarendez\u00e9si f\u00f3rumr\u00f3l, amely v\u00e9gs\u0151 soron el fog j\u00e1rni a k\u00f6z\u00f6tt\u00fck fenn\u00e1ll\u00f3 \u00fcgyben. Azokr\u00f3l a f\u00f3rumokr\u00f3l, amelyek elj\u00e1rhatnak az eset\u00fckben, a platform t\u00e1j\u00e9koztatja a feleket. Amint megsz\u00fcletik a meg\u00e1llapod\u00e1s a vitarendez\u00e9si f\u00f3rumr\u00f3l, az online platform oda tov\u00e1bb\u00edtja a panaszt. Ha a feleknek nem siker\u00fcl 30 napon bel\u00fcl megegyezni\u00fck, vagy ha a platform sem tud a beny\u00fajtott adatok alapj\u00e1n olyan alternat\u00edv vitarendez\u00e9si f\u00f3rumot azonos\u00edtani, amelynek hat\u00e1sk\u00f6re van elj\u00e1rni, a panasz tov\u00e1bbi feldolgoz\u00e1s\u00e1ra nem ker\u00fcl sor.<\/p>\n<p><strong>XIV. Egy\u00e9b rendelkez\u00e9sek<\/strong><\/p>\n<p>Web\u00e1ruh\u00e1zat \u00fczemeltet\u0151 jogosult a jelen \u00c1SZF-et a v\u00e1s\u00e1rl\u00f3i el\u0151zetes t\u00e1j\u00e9koztat\u00e1sa mellett, egyoldal\u00faan is m\u00f3dos\u00edtani. A m\u00f3dos\u00edtott rendelkez\u00e9sek a hat\u00e1lyba l\u00e9p\u00e9st k\u00f6vet\u0151en a Web\u00e1ruh\u00e1z els\u0151 haszn\u00e1lata alkalm\u00e1val v\u00e1lnak hat\u00e1lyoss\u00e1 Megrendel\u0151vel szemben, a m\u00f3dos\u00edt\u00e1st k\u00f6vet\u0151 megrendel\u00e9sekre vonatkoz\u00f3an.<\/p>\n<p>Web\u00e1ruhaz\u00e1at \u00fczemeltet\u0151 jogosult tov\u00e1bb\u00e1 arra, hogy b\u00e1rmikor, b\u00e1rmilyen v\u00e1ltoztat\u00e1st, jav\u00edt\u00e1st hajtson v\u00e9gre a Web\u00e1ruh\u00e1zban v\u00e1s\u00e1rl\u00f3inak el\u0151zetes figyelmeztet\u00e9se n\u00e9lk\u00fcl, tov\u00e1bb\u00e1 fenntartja a jogot, hogy a Web\u00e1ruh\u00e1zat m\u00e1s domain n\u00e9v al\u00e1 helyezze \u00e1t.<\/p>\n<p>Ha a Web\u00e1ruh\u00e1zban kifog\u00e1solhat\u00f3 tartalmat \u00e9szlel, k\u00e9rj\u00fck, hogy azt halad\u00e9ktalanul jelezze Web\u00e1ruh\u00e1zat \u00fczemeltet\u0151 fel\u00e9, \u00e9s ha j\u00f3hiszem\u0171 elj\u00e1r\u00e1sunk sor\u00e1n a jelz\u00e9st megalapozottnak tal\u00e1ljuk, az inform\u00e1ci\u00f3 halad\u00e9ktalanul t\u00f6rl\u00e9sre ker\u00fcl, vagy azt m\u00f3dos\u00edtjuk.<\/p>\n<p><strong>XV. Felhaszn\u00e1l\u00e1si felt\u00e9telek elfogad\u00e1sa<\/strong><\/p>\n<p>A Web\u00e1ruh\u00e1z haszn\u00e1lat\u00e1val \u00d6n kijelenti, hogy a felhaszn\u00e1l\u00e1si felt\u00e9teleket meg\u00e9rtette, azokat tudom\u00e1sul vette, \u00e9s az oldal haszn\u00e1lat\u00e1nak felt\u00e9telek\u00e9nt elfogadja.<\/p>\n<p><strong>XVI. Fel\u00fcgyeleti szervek<\/strong><\/p>\n<p>A Fogyaszt\u00f3nak panasza eset\u00e9n lehet\u0151s\u00e9ge van b\u00e9k\u00e9ltet\u0151 test\u00fclethez fordulni, melyek el\u00e9rhet\u0151s\u00e9g\u00e9t itt tal\u00e1lja:<\/p>\n<p><strong>Budapesti B\u00e9k\u00e9ltet\u0151 Test\u00fclet<br \/><\/strong>C\u00edme: 1016 Budapest, Krisztina krt. 99.<br \/>Telefonsz\u00e1ma: (1) 488-2131<br \/>Fax sz\u00e1ma: (1) 488-2186<br \/>Eln\u00f6k: Dr. Baranovszky Gy\u00f6rgy<br \/>E-mail adress:\u00a0<span id=\"cloakc5a51c6c834148e783b345fa9bd96e9b\"><a href=\"mailto:bekelteto.testulet@bkik.hu\">bekelteto.testulet@bkik.hu<\/a><\/span><br \/>Honlap:\u00a0\u00a0<a href=\"https:\/\/bekeltetes.hu\/udvozlo\">https:\/\/bekeltetes.hu\/udvozlo<\/a><\/p>\n<p>A b\u00e9k\u00e9ltet\u0151 test\u00fclet hat\u00e1sk\u00f6r\u00e9be tartozik a fogyaszt\u00f3i jogvita b\u00edr\u00f3s\u00e1gi elj\u00e1r\u00e1son k\u00edv\u00fcli rendez\u00e9se. A b\u00e9k\u00e9ltet\u0151 test\u00fclet feladata, hogy megk\u00eds\u00e9relje a fogyaszt\u00f3i jogvita rendez\u00e9se c\u00e9lj\u00e1b\u00f3l egyezs\u00e9g l\u00e9trehoz\u00e1s\u00e1t a felek k\u00f6z\u00f6tt, ennek eredm\u00e9nytelens\u00e9ge eset\u00e9n az \u00fcgyben d\u00f6nt\u00e9st hoz a fogyaszt\u00f3i jogok egyszer\u0171, gyors, hat\u00e9kony \u00e9s k\u00f6lts\u00e9gk\u00edm\u00e9l\u0151 \u00e9rv\u00e9nyes\u00edt\u00e9s\u00e9nek biztos\u00edt\u00e1sa \u00e9rdek\u00e9ben. A b\u00e9k\u00e9ltet\u0151 test\u00fclet a fogyaszt\u00f3 vagy a Szolg\u00e1ltat\u00f3 k\u00e9r\u00e9s\u00e9re tan\u00e1csot ad a fogyaszt\u00f3t megillet\u0151 jogokkal \u00e9s a fogyaszt\u00f3t terhel\u0151 k\u00f6telezetts\u00e9gekkel kapcsolatban. Online ad\u00e1sv\u00e9teli vagy online szolg\u00e1ltat\u00e1si szerz\u0151d\u00e9ssel \u00f6sszef\u00fcgg\u0151 hat\u00e1ron \u00e1tny\u00fal\u00f3 fogyaszt\u00f3i jogvita eset\u00e9n az elj\u00e1r\u00e1sra kiz\u00e1r\u00f3lag a f\u0151v\u00e1rosi kereskedelmi \u00e9s iparkamara mellett m\u0171k\u00f6d\u0151 b\u00e9k\u00e9ltet\u0151 test\u00fclet illet\u00e9kes.<\/p>\n<p><strong>Fogyaszt\u00f3v\u00e9delmi panasz<\/strong><\/p>\n<p>A fogyaszt\u00f3k 2017. janu\u00e1r 1-t\u0151l panaszaikkal els\u0151sorban a ter\u00fcletileg illet\u00e9kes j\u00e1r\u00e1si hivatalokhoz fordulhatnak. El\u00e9rhet\u0151s\u00e9geket itt tal\u00e1lhatnak:\u00a0<a href=\"http:\/\/jarasinfo.gov.hu\/\">http:\/\/jarasinfo.gov.hu\/<\/a><\/p>\n<p>\u00a0<\/p>\n<\/div><\/div>\n<\/section>","protected":false},"excerpt":{"rendered":"<p>\u00c1SZF Hars\u00e1nyi Pinc\u00e9szet K\u00f6sz\u00f6nj\u00fck, hogy \u00e9rdekl\u0151dik boraink ir\u00e1nt! K\u00e9rj\u00fck, amennyiben web\u00e1ruh\u00e1zunk v\u00e1s\u00e1rl\u00f3ja k\u00edv\u00e1n lenni, olvassa el figyelmesen a v\u00e1s\u00e1rl\u00e1sra vonatkoz\u00f3 r\u00e9szletes szab\u00e1lyainkat. V\u00e1s\u00e1rl\u00f3ink a web\u00e1ruh\u00e1z ny\u00fajtotta szolg\u00e1ltat\u00e1sok ig\u00e9nybev\u00e9tel\u00e9vel az \u00e1ltal\u00e1nos szerz\u0151d\u00e9si felt\u00e9telek rendelkez\u00e9seit k\u00f6telez\u0151 \u00e9rv\u00e9ny\u0171nek fogadj\u00e1k el magukra n\u00e9zve. Jelen dokumentum a\u00a0www.harsanyipinceszet.hu\u00a0honlapon \u00fczemel\u0151 web\u00e1ruh\u00e1z (a tov\u00e1bbiakban: Web\u00e1ruh\u00e1z) haszn\u00e1lat\u00e1ra vonatkoz\u00f3 \u00e1ltal\u00e1nos szerz\u0151d\u00e9si felt\u00e9teleket (tov\u00e1bbiakban \u201e\u00c1SZF\u201d) tartalmazza. [&hellip;]<\/p>\n","protected":false},"author":1,"featured_media":0,"parent":0,"menu_order":0,"comment_status":"closed","ping_status":"closed","template":"","meta":{"_acf_changed":false,"_seopress_robots_primary_cat":"","_seopress_titles_title":"","_seopress_titles_desc":"","_seopress_robots_index":"","_breakdance_hide_in_design_set":false,"_breakdance_tags":"","footnotes":""},"class_list":["post-1513","page","type-page","status-publish","format-standard","hentry"],"acf":[],"_links":{"self":[{"href":"https:\/\/harsanyipinceszet.hu\/en\/wp-json\/wp\/v2\/pages\/1513","targetHints":{"allow":["GET"]}}],"collection":[{"href":"https:\/\/harsanyipinceszet.hu\/en\/wp-json\/wp\/v2\/pages"}],"about":[{"href":"https:\/\/harsanyipinceszet.hu\/en\/wp-json\/wp\/v2\/types\/page"}],"author":[{"embeddable":true,"href":"https:\/\/harsanyipinceszet.hu\/en\/wp-json\/wp\/v2\/users\/1"}],"replies":[{"embeddable":true,"href":"https:\/\/harsanyipinceszet.hu\/en\/wp-json\/wp\/v2\/comments?post=1513"}],"version-history":[{"count":0,"href":"https:\/\/harsanyipinceszet.hu\/en\/wp-json\/wp\/v2\/pages\/1513\/revisions"}],"wp:attachment":[{"href":"https:\/\/harsanyipinceszet.hu\/en\/wp-json\/wp\/v2\/media?parent=1513"}],"curies":[{"name":"wp","href":"https:\/\/api.w.org\/{rel}","templated":true}]}}